{"id":14553,"date":"2020-10-02T20:55:12","date_gmt":"2020-10-02T23:55:12","guid":{"rendered":"https:\/\/www.reddelvino.com\/en\/?page_id=14553"},"modified":"2020-11-13T14:34:35","modified_gmt":"2020-11-13T17:34:35","slug":"directorio","status":"publish","type":"page","link":"https:\/\/www.reddelvino.com\/es\/directorio\/","title":{"rendered":"DIRECTORIO"},"content":{"rendered":"<div class=\"wpb-content-wrapper\"><p>[vc_row full_width=\u00bbstretch_row_content_no_spaces\u00bb][vc_column]\r\n\t<div class=\"agrikole-spacer clearfix\" data-desktop=\"100\" data-mobi=\"60\" data-smobi=\"60\"><\/div><div class=\"agrikole-headings clearfix text-center\"  style=\"\"><div class=\"pre-heading clearfix\" style=\"\">\r\n\t\tRED DEL VINO\r\n\t<\/div><h1 class=\"heading clearfix \" style=\"\">\r\n\t\tDIRECTORIO\r\n\t<\/h1><\/div>[\/vc_column][\/vc_row][vc_row][vc_column]\r\n\t<div class=\"agrikole-spacer clearfix\" data-desktop=\"120\" data-mobi=\"80\" data-smobi=\"60\"><\/div>\r\n<div class=\"agrikole-team-grid text-center col-4\" style=\"margin:-20px -15px;\">\r\n\t<div class=\"team-wrap clearfix\">\r\n    <div class=\"team-row clearfix\" style=\"padding:20px 0;\">    \t<div class=\"member-item clearfix style-2\" style=\"padding:0 15px;\">\r\n    \t\t<div class=\"inner\">\r\n    \t\t\t\r\n\t                \t\t\t\t<div class=\"thumb\">\r\n\t    \t\t\t\t<img decoding=\"async\" width=\"270\" height=\"354\" src=\"https:\/\/www.reddelvino.com\/es\/wp-content\/uploads\/2020\/10\/Gerardo-Orellana-Diaz-270x354.jpg\" class=\"attachment-agrikole-rectangle1 size-agrikole-rectangle1 wp-post-image\" alt=\"Gerardo Orellana D\u00edaz\" srcset=\"https:\/\/www.reddelvino.com\/es\/wp-content\/uploads\/2020\/10\/Gerardo-Orellana-Diaz-270x354.jpg 270w, https:\/\/www.reddelvino.com\/es\/wp-content\/uploads\/2020\/10\/Gerardo-Orellana-Diaz-370x484.jpg 370w\" sizes=\"(max-width: 270px) 100vw, 270px\" \/>    \t\t\t\t<\/div><!-- \/.thumb -->\r\n         \t\t\r\n             \t             \t\t<div class=\"text-wrap\">\r\n\t\t\t\t        \t\t\t\t        \t<div class=\"position\" style=\"\">\r\n\t\t\t\t        \tPRESIDENTE<\/div>\r\n\t\t\t\t        \r\n\t\t\t\t        \t\t\t\t        \t<h4 class=\"name\" style=\"\">\r\n\t\t\t\t        \tGERARDO ORELLANA<\/h4>\r\n\t\t\t\t        \r\n\t\t\t\t        \r\n\t\t\t\t        \t\t\t        <\/div>\r\n\t\t            \t\t<\/div><!-- \/.inner -->\r\n        <\/div><!-- \/.member-item -->\r\n\t\t\t    \t<div class=\"member-item clearfix style-2\" style=\"padding:0 15px;\">\r\n    \t\t<div class=\"inner\">\r\n    \t\t\t\r\n\t                \t\t\t\t<div class=\"thumb\">\r\n\t    \t\t\t\t<img decoding=\"async\" width=\"270\" height=\"354\" src=\"https:\/\/www.reddelvino.com\/es\/wp-content\/uploads\/2020\/10\/Rosa-Sanchez-270x354.jpg\" class=\"attachment-agrikole-rectangle1 size-agrikole-rectangle1 wp-post-image\" alt=\"Rosa S\u00e1nchez\" srcset=\"https:\/\/www.reddelvino.com\/es\/wp-content\/uploads\/2020\/10\/Rosa-Sanchez-270x354.jpg 270w, https:\/\/www.reddelvino.com\/es\/wp-content\/uploads\/2020\/10\/Rosa-Sanchez-370x484.jpg 370w\" sizes=\"(max-width: 270px) 100vw, 270px\" \/>    \t\t\t\t<\/div><!-- \/.thumb -->\r\n         \t\t\r\n             \t             \t\t<div class=\"text-wrap\">\r\n\t\t\t\t        \t\t\t\t        \t<div class=\"position\" style=\"\">\r\n\t\t\t\t        \tSECRETARIA<\/div>\r\n\t\t\t\t        \r\n\t\t\t\t        \t\t\t\t        \t<h4 class=\"name\" style=\"\">\r\n\t\t\t\t        \tROSA SANCHEZ<\/h4>\r\n\t\t\t\t        \r\n\t\t\t\t        \r\n\t\t\t\t        \t\t\t        <\/div>\r\n\t\t            \t\t<\/div><!-- \/.inner -->\r\n        <\/div><!-- \/.member-item -->\r\n\t\t\t    \t<div class=\"member-item clearfix style-2\" style=\"padding:0 15px;\">\r\n    \t\t<div class=\"inner\">\r\n    \t\t\t\r\n\t                \t\t\t\t<div class=\"thumb\">\r\n\t    \t\t\t\t<img decoding=\"async\" width=\"270\" height=\"354\" src=\"https:\/\/www.reddelvino.com\/es\/wp-content\/uploads\/2020\/10\/Abelardo-Becerra-270x354.jpg\" class=\"attachment-agrikole-rectangle1 size-agrikole-rectangle1 wp-post-image\" alt=\"Abelardo Becerra\" srcset=\"https:\/\/www.reddelvino.com\/es\/wp-content\/uploads\/2020\/10\/Abelardo-Becerra-270x354.jpg 270w, https:\/\/www.reddelvino.com\/es\/wp-content\/uploads\/2020\/10\/Abelardo-Becerra-370x484.jpg 370w\" sizes=\"(max-width: 270px) 100vw, 270px\" \/>    \t\t\t\t<\/div><!-- \/.thumb -->\r\n         \t\t\r\n             \t             \t\t<div class=\"text-wrap\">\r\n\t\t\t\t        \t\t\t\t        \t<div class=\"position\" style=\"\">\r\n\t\t\t\t        \tTESORERO<\/div>\r\n\t\t\t\t        \r\n\t\t\t\t        \t\t\t\t        \t<h4 class=\"name\" style=\"\">\r\n\t\t\t\t        \tABELARDO BECERRA<\/h4>\r\n\t\t\t\t        \r\n\t\t\t\t        \r\n\t\t\t\t        \t\t\t        <\/div>\r\n\t\t            \t\t<\/div><!-- \/.inner -->\r\n        <\/div><!-- \/.member-item -->\r\n\t\t\t    \t<div class=\"member-item clearfix style-2\" style=\"padding:0 15px;\">\r\n    \t\t<div class=\"inner\">\r\n    \t\t\t\r\n\t                \t\t\t\t<div class=\"thumb\">\r\n\t    \t\t\t\t<img decoding=\"async\" width=\"270\" height=\"354\" src=\"https:\/\/www.reddelvino.com\/es\/wp-content\/uploads\/2020\/10\/Luis-Orellana-270x354.jpg\" class=\"attachment-agrikole-rectangle1 size-agrikole-rectangle1 wp-post-image\" alt=\"Luis Orellana\" srcset=\"https:\/\/www.reddelvino.com\/es\/wp-content\/uploads\/2020\/10\/Luis-Orellana-270x354.jpg 270w, https:\/\/www.reddelvino.com\/es\/wp-content\/uploads\/2020\/10\/Luis-Orellana-370x484.jpg 370w\" sizes=\"(max-width: 270px) 100vw, 270px\" \/>    \t\t\t\t<\/div><!-- \/.thumb -->\r\n         \t\t\r\n             \t             \t\t<div class=\"text-wrap\">\r\n\t\t\t\t        \t\t\t\t        \t<div class=\"position\" style=\"\">\r\n\t\t\t\t        \tCOMISI\u00d3N REVISORA DE CUENTA<\/div>\r\n\t\t\t\t        \r\n\t\t\t\t        \t\t\t\t        \t<h4 class=\"name\" style=\"\">\r\n\t\t\t\t        \tLUIS ORELLANA<\/h4>\r\n\t\t\t\t        \r\n\t\t\t\t        \r\n\t\t\t\t        \t\t\t        <\/div>\r\n\t\t            \t\t<\/div><!-- \/.inner -->\r\n        <\/div><!-- \/.member-item -->\r\n\t\t<\/div>\t<div class=\"team-row clearfix\" style=\"padding:20px 0;\">    \t<div class=\"member-item clearfix style-2\" style=\"padding:0 15px;\">\r\n    \t\t<div class=\"inner\">\r\n    \t\t\t\r\n\t                \t\t\t\t<div class=\"thumb\">\r\n\t    \t\t\t\t<img decoding=\"async\" width=\"270\" height=\"354\" src=\"https:\/\/www.reddelvino.com\/es\/wp-content\/uploads\/2020\/10\/Gilberto-Lopez-270x354.jpg\" class=\"attachment-agrikole-rectangle1 size-agrikole-rectangle1 wp-post-image\" alt=\"Gilberto Lopez\" srcset=\"https:\/\/www.reddelvino.com\/es\/wp-content\/uploads\/2020\/10\/Gilberto-Lopez-270x354.jpg 270w, https:\/\/www.reddelvino.com\/es\/wp-content\/uploads\/2020\/10\/Gilberto-Lopez-370x484.jpg 370w\" sizes=\"(max-width: 270px) 100vw, 270px\" \/>    \t\t\t\t<\/div><!-- \/.thumb -->\r\n         \t\t\r\n             \t             \t\t<div class=\"text-wrap\">\r\n\t\t\t\t        \t\t\t\t        \t<div class=\"position\" style=\"\">\r\n\t\t\t\t        \tCOMISI\u00d3N PRIMA SOCIAL<\/div>\r\n\t\t\t\t        \r\n\t\t\t\t        \t\t\t\t        \t<h4 class=\"name\" style=\"\">\r\n\t\t\t\t        \tGILBERTO LOPEZ<\/h4>\r\n\t\t\t\t        \r\n\t\t\t\t        \r\n\t\t\t\t        \t\t\t        <\/div>\r\n\t\t            \t\t<\/div><!-- \/.inner -->\r\n        <\/div><!-- \/.member-item -->\r\n\t\t\t    \t<div class=\"member-item clearfix style-2\" style=\"padding:0 15px;\">\r\n    \t\t<div class=\"inner\">\r\n    \t\t\t\r\n\t                \t\t\t\t<div class=\"thumb\">\r\n\t    \t\t\t\t<img decoding=\"async\" width=\"270\" height=\"354\" src=\"https:\/\/www.reddelvino.com\/es\/wp-content\/uploads\/2020\/10\/Benito-Castro-Gaete-270x354.jpg\" class=\"attachment-agrikole-rectangle1 size-agrikole-rectangle1 wp-post-image\" alt=\"Benito Castro Gaete\" srcset=\"https:\/\/www.reddelvino.com\/es\/wp-content\/uploads\/2020\/10\/Benito-Castro-Gaete-270x354.jpg 270w, https:\/\/www.reddelvino.com\/es\/wp-content\/uploads\/2020\/10\/Benito-Castro-Gaete-370x484.jpg 370w\" sizes=\"(max-width: 270px) 100vw, 270px\" \/>    \t\t\t\t<\/div><!-- \/.thumb -->\r\n         \t\t\r\n             \t             \t\t<div class=\"text-wrap\">\r\n\t\t\t\t        \t\t\t\t        \t<div class=\"position\" style=\"\">\r\n\t\t\t\t        \tCOMISI\u00d3N PRIMA SOCIAL<\/div>\r\n\t\t\t\t        \r\n\t\t\t\t        \t\t\t\t        \t<h4 class=\"name\" style=\"\">\r\n\t\t\t\t        \tBENITO CASTRO<\/h4>\r\n\t\t\t\t        \r\n\t\t\t\t        \r\n\t\t\t\t        \t\t\t        <\/div>\r\n\t\t            \t\t<\/div><!-- \/.inner -->\r\n        <\/div><!-- \/.member-item -->\r\n\t\t\t    \t<div class=\"member-item clearfix style-2\" style=\"padding:0 15px;\">\r\n    \t\t<div class=\"inner\">\r\n    \t\t\t\r\n\t                \t\t\t\t<div class=\"thumb\">\r\n\t    \t\t\t\t<img decoding=\"async\" width=\"270\" height=\"354\" src=\"https:\/\/www.reddelvino.com\/es\/wp-content\/uploads\/2020\/10\/Jaime-Cea-Colchagua-Chile-270x354.jpg\" class=\"attachment-agrikole-rectangle1 size-agrikole-rectangle1 wp-post-image\" alt=\"Jaime Cea\" srcset=\"https:\/\/www.reddelvino.com\/es\/wp-content\/uploads\/2020\/10\/Jaime-Cea-Colchagua-Chile-270x354.jpg 270w, https:\/\/www.reddelvino.com\/es\/wp-content\/uploads\/2020\/10\/Jaime-Cea-Colchagua-Chile-370x484.jpg 370w\" sizes=\"(max-width: 270px) 100vw, 270px\" \/>    \t\t\t\t<\/div><!-- \/.thumb -->\r\n         \t\t\r\n             \t             \t\t<div class=\"text-wrap\">\r\n\t\t\t\t        \t\t\t\t        \t<div class=\"position\" style=\"\">\r\n\t\t\t\t        \tCOMISI\u00d3N MEDIO AMBIENTAL<\/div>\r\n\t\t\t\t        \r\n\t\t\t\t        \t\t\t\t        \t<h4 class=\"name\" style=\"\">\r\n\t\t\t\t        \tJAIME CEA<\/h4>\r\n\t\t\t\t        \r\n\t\t\t\t        \r\n\t\t\t\t        \t\t\t        <\/div>\r\n\t\t            \t\t<\/div><!-- \/.inner -->\r\n        <\/div><!-- \/.member-item -->\r\n\t\t\t    \t<div class=\"member-item clearfix style-2\" style=\"padding:0 15px;\">\r\n    \t\t<div class=\"inner\">\r\n    \t\t\t\r\n\t                \t\t\t\t<div class=\"thumb\">\r\n\t    \t\t\t\t<img decoding=\"async\" width=\"270\" height=\"354\" src=\"https:\/\/www.reddelvino.com\/es\/wp-content\/uploads\/2020\/10\/Adan-Galvez-Leon-270x354.jpg\" class=\"attachment-agrikole-rectangle1 size-agrikole-rectangle1 wp-post-image\" alt=\"Ad\u00e1n G\u00e1lvez Le\u00f3n\" srcset=\"https:\/\/www.reddelvino.com\/es\/wp-content\/uploads\/2020\/10\/Adan-Galvez-Leon-270x354.jpg 270w, https:\/\/www.reddelvino.com\/es\/wp-content\/uploads\/2020\/10\/Adan-Galvez-Leon-370x484.jpg 370w\" sizes=\"(max-width: 270px) 100vw, 270px\" \/>    \t\t\t\t<\/div><!-- \/.thumb -->\r\n         \t\t\r\n             \t             \t\t<div class=\"text-wrap\">\r\n\t\t\t\t        \t\t\t\t        \t<div class=\"position\" style=\"\">\r\n\t\t\t\t        \tCOMISI\u00d3N MEDIO AMBIENTAL<\/div>\r\n\t\t\t\t        \r\n\t\t\t\t        \t\t\t\t        \t<h4 class=\"name\" style=\"\">\r\n\t\t\t\t        \tADAN GALVEZ<\/h4>\r\n\t\t\t\t        \r\n\t\t\t\t        \r\n\t\t\t\t        \t\t\t        <\/div>\r\n\t\t            \t\t<\/div><!-- \/.inner -->\r\n        <\/div><!-- \/.member-item -->\r\n\t\t<\/div>\t\t\t<\/div><!-- \/.team-wrap -->\r\n<\/div><!-- \/.agrikole-team-grid -->\r\n\r\n\r\n\t<div class=\"agrikole-spacer clearfix\" data-desktop=\"120\" data-mobi=\"80\" data-smobi=\"60\"><\/div>[\/vc_column][\/vc_row][vc_row full_width=\u00bbstretch_row\u00bb css=\u00bb.vc_custom_1602272332044{background-image: url(https:\/\/www.reddelvino.com\/en\/wp-content\/uploads\/2020\/10\/footer-shop-section.jpg?id=15081) !important;background-position: center !important;background-repeat: no-repeat !important;background-size: cover !important;}\u00bb][vc_column]\r\n\t<div class=\"agrikole-spacer clearfix\" data-desktop=\"107\" data-mobi=\"60\" data-smobi=\"60\"><\/div><div class=\"agrikole-headings clearfix text-center\" data-font=50 data-mfont=30 style=\"\"><h2 class=\"heading clearfix \" style=\"color:#ffffff;max-width:860px;margin-left: auto; margin-right: auto;line-height:62px;margin-bottom:18px;font-size:50px;\">\r\n\t\tAPOYAR EL COMERCIO JUSTO Y LOS PRODUCTORES LOCALES\r\n\t<\/h2><div class=\"sub-heading clearfix\">\r\n\t\t<h5><span style=\"color: #ffffff;\">VISITA NUESTRA TIENDA DE VINOS EN SANTA CRUZ CHILE<\/span><\/h5>\n\r\n\t<\/div><\/div>\r\n\t<div class=\"agrikole-spacer clearfix\" data-desktop=\"50\" data-mobi=\"40\" data-smobi=\"40\"><\/div><div class=\"agrikole-align-box  mobi-align-center align-center\"><div class=\"button-wrap icon-right\" style=\"\" ><a href=\"https:\/\/www.google.com\/maps\/place\/Red+Del+Vino\/@-34.6321819,-71.3587514,17.79z\/data=!4m5!3m4!1s0x96646535527b4b79:0xa62645e95a50234c!8m2!3d-34.6324173!4d-71.3579788\" target=\"_blank\" class=\"agrikole-button btn-1823608369 medium no_icon accent custom\" style=\"border-radius:5px;\"  data-text=\"#404a3d\" data-text-hover=\"#404a3d\" data-background-hover=\"#ffffff\">\r\n\t\t<span style=\"\">Direcciones <\/span>\r\n\t<\/a><\/div><\/div>\r\n\t<div class=\"agrikole-spacer clearfix\" data-desktop=\"120\" data-mobi=\"60\" data-smobi=\"60\"><\/div>[\/vc_column][\/vc_row]<\/p>\n<\/div>","protected":false},"excerpt":{"rendered":"","protected":false},"author":1,"featured_media":15908,"parent":0,"menu_order":0,"comment_status":"closed","ping_status":"closed","template":"","meta":{"footnotes":""},"class_list":["post-14553","page","type-page","status-publish","has-post-thumbnail","hentry"],"yoast_head":"<!-- This site is optimized with the Yoast SEO plugin v25.6 - https:\/\/yoast.com\/wordpress\/plugins\/seo\/ -->\n<title>DIRECTORIO - ReddelVino<\/title>\n<meta name=\"robots\" content=\"index, follow, max-snippet:-1, max-image-preview:large, max-video-preview:-1\" \/>\n<link rel=\"canonical\" href=\"https:\/\/www.reddelvino.com\/es\/directorio\/\" \/>\n<meta property=\"og:locale\" content=\"es_ES\" \/>\n<meta property=\"og:type\" content=\"article\" \/>\n<meta property=\"og:title\" content=\"DIRECTORIO - ReddelVino\" \/>\n<meta property=\"og:url\" content=\"https:\/\/www.reddelvino.com\/es\/directorio\/\" \/>\n<meta property=\"og:site_name\" content=\"ReddelVino\" \/>\n<meta property=\"article:modified_time\" content=\"2020-11-13T17:34:35+00:00\" \/>\n<meta property=\"og:image\" content=\"https:\/\/www.reddelvino.com\/es\/wp-content\/uploads\/2020\/10\/Red-del-Vino-Office.jpg\" \/>\n\t<meta property=\"og:image:width\" content=\"1200\" \/>\n\t<meta property=\"og:image:height\" content=\"628\" \/>\n\t<meta property=\"og:image:type\" content=\"image\/jpeg\" \/>\n<meta name=\"twitter:card\" content=\"summary_large_image\" \/>\n<meta name=\"twitter:label1\" content=\"Tiempo de lectura\" \/>\n\t<meta name=\"twitter:data1\" content=\"1 minuto\" \/>\n<script type=\"application\/ld+json\" class=\"yoast-schema-graph\">{\"@context\":\"https:\/\/schema.org\",\"@graph\":[{\"@type\":\"WebPage\",\"@id\":\"https:\/\/www.reddelvino.com\/es\/directorio\/\",\"url\":\"https:\/\/www.reddelvino.com\/es\/directorio\/\",\"name\":\"DIRECTORIO - ReddelVino\",\"isPartOf\":{\"@id\":\"https:\/\/www.reddelvino.com\/es\/#website\"},\"primaryImageOfPage\":{\"@id\":\"https:\/\/www.reddelvino.com\/es\/directorio\/#primaryimage\"},\"image\":{\"@id\":\"https:\/\/www.reddelvino.com\/es\/directorio\/#primaryimage\"},\"thumbnailUrl\":\"https:\/\/www.reddelvino.com\/es\/wp-content\/uploads\/2020\/10\/Red-del-Vino-Office.jpg\",\"datePublished\":\"2020-10-02T23:55:12+00:00\",\"dateModified\":\"2020-11-13T17:34:35+00:00\",\"breadcrumb\":{\"@id\":\"https:\/\/www.reddelvino.com\/es\/directorio\/#breadcrumb\"},\"inLanguage\":\"es\",\"potentialAction\":[{\"@type\":\"ReadAction\",\"target\":[\"https:\/\/www.reddelvino.com\/es\/directorio\/\"]}]},{\"@type\":\"ImageObject\",\"inLanguage\":\"es\",\"@id\":\"https:\/\/www.reddelvino.com\/es\/directorio\/#primaryimage\",\"url\":\"https:\/\/www.reddelvino.com\/es\/wp-content\/uploads\/2020\/10\/Red-del-Vino-Office.jpg\",\"contentUrl\":\"https:\/\/www.reddelvino.com\/es\/wp-content\/uploads\/2020\/10\/Red-del-Vino-Office.jpg\",\"width\":1200,\"height\":628,\"caption\":\"Red del Vino Office\"},{\"@type\":\"BreadcrumbList\",\"@id\":\"https:\/\/www.reddelvino.com\/es\/directorio\/#breadcrumb\",\"itemListElement\":[{\"@type\":\"ListItem\",\"position\":1,\"name\":\"Home\",\"item\":\"https:\/\/www.reddelvino.com\/es\/\"},{\"@type\":\"ListItem\",\"position\":2,\"name\":\"DIRECTORIO\"}]},{\"@type\":\"WebSite\",\"@id\":\"https:\/\/www.reddelvino.com\/es\/#website\",\"url\":\"https:\/\/www.reddelvino.com\/es\/\",\"name\":\"ReddelVino\",\"description\":\"\",\"potentialAction\":[{\"@type\":\"SearchAction\",\"target\":{\"@type\":\"EntryPoint\",\"urlTemplate\":\"https:\/\/www.reddelvino.com\/es\/?s={search_term_string}\"},\"query-input\":{\"@type\":\"PropertyValueSpecification\",\"valueRequired\":true,\"valueName\":\"search_term_string\"}}],\"inLanguage\":\"es\"}]}<\/script>\n<!-- \/ Yoast SEO plugin. -->","yoast_head_json":{"title":"DIRECTORIO - ReddelVino","robots":{"index":"index","follow":"follow","max-snippet":"max-snippet:-1","max-image-preview":"max-image-preview:large","max-video-preview":"max-video-preview:-1"},"canonical":"https:\/\/www.reddelvino.com\/es\/directorio\/","og_locale":"es_ES","og_type":"article","og_title":"DIRECTORIO - ReddelVino","og_url":"https:\/\/www.reddelvino.com\/es\/directorio\/","og_site_name":"ReddelVino","article_modified_time":"2020-11-13T17:34:35+00:00","og_image":[{"width":1200,"height":628,"url":"https:\/\/www.reddelvino.com\/es\/wp-content\/uploads\/2020\/10\/Red-del-Vino-Office.jpg","type":"image\/jpeg"}],"twitter_card":"summary_large_image","twitter_misc":{"Tiempo de lectura":"1 minuto"},"schema":{"@context":"https:\/\/schema.org","@graph":[{"@type":"WebPage","@id":"https:\/\/www.reddelvino.com\/es\/directorio\/","url":"https:\/\/www.reddelvino.com\/es\/directorio\/","name":"DIRECTORIO - ReddelVino","isPartOf":{"@id":"https:\/\/www.reddelvino.com\/es\/#website"},"primaryImageOfPage":{"@id":"https:\/\/www.reddelvino.com\/es\/directorio\/#primaryimage"},"image":{"@id":"https:\/\/www.reddelvino.com\/es\/directorio\/#primaryimage"},"thumbnailUrl":"https:\/\/www.reddelvino.com\/es\/wp-content\/uploads\/2020\/10\/Red-del-Vino-Office.jpg","datePublished":"2020-10-02T23:55:12+00:00","dateModified":"2020-11-13T17:34:35+00:00","breadcrumb":{"@id":"https:\/\/www.reddelvino.com\/es\/directorio\/#breadcrumb"},"inLanguage":"es","potentialAction":[{"@type":"ReadAction","target":["https:\/\/www.reddelvino.com\/es\/directorio\/"]}]},{"@type":"ImageObject","inLanguage":"es","@id":"https:\/\/www.reddelvino.com\/es\/directorio\/#primaryimage","url":"https:\/\/www.reddelvino.com\/es\/wp-content\/uploads\/2020\/10\/Red-del-Vino-Office.jpg","contentUrl":"https:\/\/www.reddelvino.com\/es\/wp-content\/uploads\/2020\/10\/Red-del-Vino-Office.jpg","width":1200,"height":628,"caption":"Red del Vino Office"},{"@type":"BreadcrumbList","@id":"https:\/\/www.reddelvino.com\/es\/directorio\/#breadcrumb","itemListElement":[{"@type":"ListItem","position":1,"name":"Home","item":"https:\/\/www.reddelvino.com\/es\/"},{"@type":"ListItem","position":2,"name":"DIRECTORIO"}]},{"@type":"WebSite","@id":"https:\/\/www.reddelvino.com\/es\/#website","url":"https:\/\/www.reddelvino.com\/es\/","name":"ReddelVino","description":"","potentialAction":[{"@type":"SearchAction","target":{"@type":"EntryPoint","urlTemplate":"https:\/\/www.reddelvino.com\/es\/?s={search_term_string}"},"query-input":{"@type":"PropertyValueSpecification","valueRequired":true,"valueName":"search_term_string"}}],"inLanguage":"es"}]}},"_links":{"self":[{"href":"https:\/\/www.reddelvino.com\/es\/wp-json\/wp\/v2\/pages\/14553","targetHints":{"allow":["GET"]}}],"collection":[{"href":"https:\/\/www.reddelvino.com\/es\/wp-json\/wp\/v2\/pages"}],"about":[{"href":"https:\/\/www.reddelvino.com\/es\/wp-json\/wp\/v2\/types\/page"}],"author":[{"embeddable":true,"href":"https:\/\/www.reddelvino.com\/es\/wp-json\/wp\/v2\/users\/1"}],"replies":[{"embeddable":true,"href":"https:\/\/www.reddelvino.com\/es\/wp-json\/wp\/v2\/comments?post=14553"}],"version-history":[{"count":4,"href":"https:\/\/www.reddelvino.com\/es\/wp-json\/wp\/v2\/pages\/14553\/revisions"}],"predecessor-version":[{"id":16752,"href":"https:\/\/www.reddelvino.com\/es\/wp-json\/wp\/v2\/pages\/14553\/revisions\/16752"}],"wp:featuredmedia":[{"embeddable":true,"href":"https:\/\/www.reddelvino.com\/es\/wp-json\/wp\/v2\/media\/15908"}],"wp:attachment":[{"href":"https:\/\/www.reddelvino.com\/es\/wp-json\/wp\/v2\/media?parent=14553"}],"curies":[{"name":"wp","href":"https:\/\/api.w.org\/{rel}","templated":true}]}}