{"id":17134,"date":"2021-10-24T14:31:11","date_gmt":"2021-10-24T17:31:11","guid":{"rendered":"https:\/\/www.reddelvino.com\/es\/?page_id=17134"},"modified":"2023-05-10T13:39:05","modified_gmt":"2023-05-10T17:39:05","slug":"sustentabilidad","status":"publish","type":"page","link":"https:\/\/www.reddelvino.com\/es\/sustentabilidad\/","title":{"rendered":"SUSTENTABILIDAD"},"content":{"rendered":"<div class=\"wpb-content-wrapper\"><p>[vc_row full_width=\u00bbstretch_row\u00bb css=\u00bb.vc_custom_1635099181298{background-image: url(https:\/\/www.reddelvino.com\/es\/wp-content\/uploads\/2021\/10\/RDV-Sustentabilidad.jpg?id=17157) !important;background-position: center !important;background-repeat: no-repeat !important;background-size: cover !important;}\u00bb el_class=\u00bboverflow-visible\u00bb][vc_column]\r\n\t<div class=\"agrikole-spacer clearfix\" data-desktop=\"120\" data-mobi=\"60\" data-smobi=\"60\"><\/div><div class=\"agrikole-headings clearfix text-center\" data-font=80 data-mfont=66 style=\"\"><h2 class=\"heading clearfix \" style=\"color:#ffffff;max-width:700px;margin-left: auto; margin-right: auto;line-height:78px;font-size:80px;\">\r\n\t\tSUSTENTABILIDAD\r\n\t<\/h2><\/div>\r\n\t<div class=\"agrikole-spacer clearfix\" data-desktop=\"232\" data-mobi=\"152\" data-smobi=\"152\"><\/div>[\/vc_column][\/vc_row][vc_row][vc_column]<div class=\"agrikole-content-box clearfix \" data-padding=\"60px\" data-mobipadding=\"40px\" data-margin=\"-120px -50px 0 -50px\" data-mobimargin=\"-80px 0 0 0\" >\r\n\t\t<div class=\"inner ctb-1176509205\" style=\"\"  data-background=\"#ffffff\" data-rounded=\"5px 5px 0 0\" data-border-style=\"solid\" data-border-style-hover=\"solid\">\r\n\t\t\t\r\n\t\t<\/div>\r\n\t<\/div><div class=\"agrikole-headings clearfix text-center\" data-font=35 data-mfont=20 style=\"\"><h2 class=\"heading clearfix \" style=\"line-height:45px;font-size:35px;\">\r\n\t\tQueremos ser parte del cambio por un mundo m\u00e1s sustentable, somos peque\u00f1os productores del valle de Colchagua, deseamos mantener nuestros ecosistemas y conservar nuestra cultura local.<br \/>\nEstamos trabajando en proyectos sustentables que impacten en nuestra comunidad local y sean un ejemplo para motivar al cuidado del medio ambiente.<br \/>\nAy\u00fadanos a ser parte de la soluci\u00f3n y no del problema.\r\n\t<\/h2><\/div>\r\n\t<div class=\"agrikole-spacer clearfix\" data-desktop=\"80\" data-mobi=\"60\" data-smobi=\"60\"><\/div><div class=\"agrikole-images-grid clearfix\" data-layout=\"mosaic\" data-column=\"4\" data-column2=\"4\" data-column3=\"1\" data-column4=\"1\" data-gaph=\"30\" data-gapv=\"30\"><div id=\"images-wrap\" class=\"cbp\"><div class=\"cbp-item\"><div class=\"item-wrap\" style=\"border-radius:300px;overflow:hidden;\"><a class=\"zoom-popup cbp-lightbox\" href=\"https:\/\/www.reddelvino.com\/es\/wp-content\/uploads\/2021\/10\/Red-del-Vino-Agricultura-Organica.jpg\"><\/a><img decoding=\"async\" src=\"https:\/\/www.reddelvino.com\/es\/wp-content\/uploads\/2021\/10\/Red-del-Vino-Agricultura-Organica-370x370.jpg\" alt=\"image\" \/><\/div><\/div><div class=\"cbp-item\"><div class=\"item-wrap\" style=\"border-radius:300px;overflow:hidden;\"><a class=\"zoom-popup cbp-lightbox\" href=\"https:\/\/www.reddelvino.com\/es\/wp-content\/uploads\/2021\/10\/Red-del-Vino-Organico.jpg\"><\/a><img decoding=\"async\" src=\"https:\/\/www.reddelvino.com\/es\/wp-content\/uploads\/2021\/10\/Red-del-Vino-Organico-370x370.jpg\" alt=\"image\" \/><\/div><\/div><div class=\"cbp-item\"><div class=\"item-wrap\" style=\"border-radius:300px;overflow:hidden;\"><a class=\"zoom-popup cbp-lightbox\" href=\"https:\/\/www.reddelvino.com\/es\/wp-content\/uploads\/2021\/10\/Red-Del-Vino-Energia-Renovable.jpg\"><\/a><img decoding=\"async\" src=\"https:\/\/www.reddelvino.com\/es\/wp-content\/uploads\/2021\/10\/Red-Del-Vino-Energia-Renovable-370x370.jpg\" alt=\"image\" \/><\/div><\/div><div class=\"cbp-item\"><div class=\"item-wrap\" style=\"border-radius:300px;overflow:hidden;\"><a class=\"zoom-popup cbp-lightbox\" href=\"https:\/\/www.reddelvino.com\/es\/wp-content\/uploads\/2021\/10\/Red-del-Vino-Vidrio.jpg\"><\/a><img decoding=\"async\" src=\"https:\/\/www.reddelvino.com\/es\/wp-content\/uploads\/2021\/10\/Red-del-Vino-Vidrio-370x370.jpg\" alt=\"image\" \/><\/div><\/div><\/div><\/div>\r\n\t<div class=\"agrikole-spacer clearfix\" data-desktop=\"80\" data-mobi=\"60\" data-smobi=\"60\"><\/div>[\/vc_column][\/vc_row][vc_row][vc_column][vc_row_inner el_class=\u00bbfull-on-991&#8243;][vc_column_inner]<div class=\"agrikole-content-box clearfix \" data-padding=\"60px 70px 76px\" data-mobipadding=\"60px 70px 76px\" data-margin=\"\" data-mobimargin=\"\" >\r\n\t\t<div class=\"inner ctb-716308939\" style=\"\"  data-background=\"#ffffff\" data-rounded=\"5px\" data-border-color=\"#f5f0e9\" data-border-width=\"1px\" data-border-style=\"solid\" data-border-style-hover=\"solid\" data-shadow-hover=\" 0px 20px 20px 0px rgba(0,0,0,0.05)\" data-translatey=\"-5\">\r\n\t\t\t<div class=\"agrikole-headings clearfix \"  style=\"\"><h3 class=\"heading clearfix \" style=\"\">\r\n\t\tAGRICULTURA ORGANICA\r\n\t<\/h3><div class=\"sub-heading clearfix\">\r\n\t\t<p>Estamos desarrollando diagn\u00f3sticos de agricultura org\u00e1nica en todos los campos de los productores de Red del vino Colchagua, para establecer las brechas a alcanzar en el mediano plazo y Largo Plazo la conversi\u00f3n.<\/p>\n<p>Comenzaremos con un campo piloto para convertir en tres a\u00f1os a agricultura org\u00e1nica a un peque\u00f1o productor de Red del vino Colchagua, que sirvan de ejemplo y lideren la conversi\u00f3n org\u00e1nica.<\/p>\n<p>Adem\u00e1s estamos generando las capacidades y habilidades de agricultura org\u00e1nica en los peque\u00f1os productores de Colchagua, Chile, a trav\u00e9s de capacitaciones, actividades de campo y gira tecnol\u00f3gicas.<\/p>\n\r\n\t<\/div><\/div>\r\n\t\t<\/div>\r\n\t<\/div>\r\n\t<div class=\"agrikole-spacer clearfix\" data-desktop=\"30\" data-mobi=\"30\" data-smobi=\"30\"><\/div><div class=\"agrikole-content-box clearfix \" data-padding=\"60px 70px 76px\" data-mobipadding=\"60px 70px 76px\" data-margin=\"\" data-mobimargin=\"\" >\r\n\t\t<div class=\"inner ctb-733932548\" style=\"\"  data-background=\"#ffffff\" data-rounded=\"5px\" data-border-color=\"#f5f0e9\" data-border-width=\"1px\" data-border-style=\"solid\" data-shadow=\" 0px 20px 20px 0px rgba(0,0,0,0.05)\" data-border-style-hover=\"solid\">\r\n\t\t\t<div class=\"agrikole-headings clearfix \"  style=\"\"><h3 class=\"heading clearfix \" style=\"\">\r\n\t\tENERGIA RENOVABLE\r\n\t<\/h3><div class=\"sub-heading clearfix\">\r\n\t\t<p>Actualmente contamos con una Planta Solar en nuestra oficina comercial, logrando funcionar con energ\u00eda renovable en nuestras instalaciones.<\/p>\n<p>Estamos demostrando a nuestros clientes y comunidad que nosotros tambi\u00e9n podemos aportar a un mundo m\u00e1s sustentable y preocupado por el medio ambiente.<\/p>\n<p>Desde el comienzo de este proyecto de energ\u00eda renovable en 2021 a la fecha, hemos logrado la disminuci\u00f3n de 4.892 kilogramos de di\u00f3xido de carbono.<\/p>\n\r\n\t<\/div><\/div>\r\n\t\t<\/div>\r\n\t<\/div>\r\n\t<div class=\"agrikole-spacer clearfix\" data-desktop=\"30\" data-mobi=\"30\" data-smobi=\"30\"><\/div><div class=\"agrikole-content-box clearfix \" data-padding=\"60px 70px 76px\" data-mobipadding=\"60px 70px 76px\" data-margin=\"\" data-mobimargin=\"\" >\r\n\t\t<div class=\"inner ctb-195383232\" style=\"\"  data-background=\"#ffffff\" data-rounded=\"5px\" data-border-color=\"#f5f0e9\" data-border-width=\"1px\" data-border-style=\"solid\" data-shadow=\" 0px 20px 20px 0px rgba(0,0,0,0.05)\" data-border-style-hover=\"solid\">\r\n\t\t\t<div class=\"agrikole-headings clearfix \"  style=\"\"><h3 class=\"heading clearfix \" style=\"\">\r\n\t\tRECICLAJE DE VIDRIO\r\n\t<\/h3><div class=\"sub-heading clearfix\">\r\n\t\t<p>Creamos un punto de reciclaje en nuestra tienda de vinos para almacenar las botellas vac\u00edas de vinos, con la finalidad de impulsar a que nuestros productores, clientes y comunidad puedan contribuir al reciclaje.<\/p>\n<p>Desde el comienzo de este proyecto de reciclaje en 2021 hemos logrado 50 kilos de vidrio reciclado, logrando una disminuci\u00f3n de 16 kilogramos de di\u00f3xido de carbono.<\/p>\n<p>La protecci\u00f3n de la naturaleza, gesti\u00f3n de residuos y la preocupaci\u00f3n por el cambio clim\u00e1tico son factores prioritarios para nuestra empresa.<\/p>\n\r\n\t<\/div><\/div>\r\n\t\t<\/div>\r\n\t<\/div>\r\n\t<div class=\"agrikole-spacer clearfix\" data-desktop=\"30\" data-mobi=\"30\" data-smobi=\"30\"><\/div><div class=\"agrikole-content-box clearfix \" data-padding=\"60px 70px 76px\" data-mobipadding=\"60px 70px 76px\" data-margin=\"\" data-mobimargin=\"\" >\r\n\t\t<div class=\"inner ctb-1036156461\" style=\"\"  data-background=\"#ffffff\" data-rounded=\"5px\" data-border-color=\"#f5f0e9\" data-border-width=\"1px\" data-border-style=\"solid\" data-shadow=\" 0px 20px 20px 0px rgba(0,0,0,0.05)\" data-border-style-hover=\"solid\">\r\n\t\t\t<div class=\"agrikole-headings clearfix \"  style=\"\"><h3 class=\"heading clearfix \" style=\"\">\r\n\t\tFLORA Y FAUNA LOCAL\r\n\t<\/h3><div class=\"sub-heading clearfix\">\r\n\t\t<p>El cuidado de la naturaleza es un principio fundamental para los peque\u00f1os productores de Colchagua.<\/p>\n<p>Mantener la biodiversidad en las comunidades rurales y al interior de los vi\u00f1edos para mantener ecosistemas saludables que influyan directamente las zonas productivas son muy importantes para nuestra empresa.<\/p>\n<p>Reconocemos y valoramos la importancia de los ecosistemas nativos y sus procesos en nuestra actividad productiva por esta raz\u00f3n desarrollamos un libro de Flora y fauna local para apoyar su conservaci\u00f3n.<\/p>\n\r\n\t<\/div><\/div>\r\n\t\t<\/div>\r\n\t<\/div>\r\n\t<div class=\"agrikole-spacer clearfix\" data-desktop=\"30\" data-mobi=\"30\" data-smobi=\"30\"><\/div><div class=\"agrikole-content-box clearfix \" data-padding=\"60px 70px 76px\" data-mobipadding=\"60px 70px 76px\" data-margin=\"\" data-mobimargin=\"\" >\r\n\t\t<div class=\"inner ctb-1409663264\" style=\"\"  data-background=\"#ffffff\" data-rounded=\"5px\" data-border-color=\"#f5f0e9\" data-border-width=\"1px\" data-border-style=\"solid\" data-shadow=\" 0px 20px 20px 0px rgba(0,0,0,0.05)\" data-border-style-hover=\"solid\">\r\n\t\t\t<div class=\"agrikole-headings clearfix \"  style=\"\"><h3 class=\"heading clearfix \" style=\"\">\r\n\t\tHUERTOS ORGANICOS\r\n\t<\/h3><div class=\"sub-heading clearfix\">\r\n\t\t<p>Los j\u00f3venes reconocen el Cambio Clim\u00e1tico como un fen\u00f3meno en curso, con riesgo de impacto en la vida de las personas, ecosistemas y los procesos productivos. En Red del vino queremos trabajar para incorporara, a esos j\u00f3venes como una nueva fuerza de cambio sustentable.<\/p>\n<p>Implementaremos huertas org\u00e1nicas en sus comunidades rurales para la promoci\u00f3n de vida saludable y el desarrollo de proyectos que promueven la producci\u00f3n de alimentos org\u00e1nicos para la alimentaci\u00f3n familiar y tur\u00edstica.<\/p>\n<p>Para nosotros, el cuidado por el medioambiente y las familias de Red del vino son fundamentales, creemos que la agricultura org\u00e1nica es esencial para lograr el cambio cultural y personas m\u00e1s sanas.<\/p>\n\r\n\t<\/div><\/div>\r\n\t\t<\/div>\r\n\t<\/div>\r\n\t<div class=\"agrikole-spacer clearfix\" data-desktop=\"30\" data-mobi=\"30\" data-smobi=\"30\"><\/div><div class=\"agrikole-content-box clearfix \" data-padding=\"60px 70px 76px\" data-mobipadding=\"60px 70px 76px\" data-margin=\"\" data-mobimargin=\"\" >\r\n\t\t<div class=\"inner ctb-1159766713\" style=\"\"  data-background=\"#ffffff\" data-rounded=\"5px\" data-border-color=\"#f5f0e9\" data-border-width=\"1px\" data-border-style=\"solid\" data-shadow=\" 0px 20px 20px 0px rgba(0,0,0,0.05)\" data-border-style-hover=\"solid\">\r\n\t\t\t<div class=\"agrikole-headings clearfix \"  style=\"\"><h3 class=\"heading clearfix \" style=\"\">\r\n\t\tRUTA DEL VINO ARTESANAL\r\n\t<\/h3><div class=\"sub-heading clearfix\">\r\n\t\t<p>El objetivo es fortalecer y aumentar la infraestructura de la ruta de peque\u00f1os productores de Red del vino Colchagua para ofrecer mayores puntos de inter\u00e9s y rutas m\u00e1s accesibles para realizar actividades en bicicletas y caminatas.<\/p>\n<p>Queremos diferenciarnos como una ruta del vino m\u00e1s sustentables y ecol\u00f3gica, amigable con el medio ambiente, respetando la flora y fauna de las localidades rurales, como contribuyendo a su preservaci\u00f3n y conciencia social de su cuidado.<\/p>\n\r\n\t<\/div><\/div>\r\n\t\t<\/div>\r\n\t<\/div>\r\n\t<div class=\"agrikole-spacer clearfix\" data-desktop=\"120\" data-mobi=\"60\" data-smobi=\"60\"><\/div>[\/vc_column_inner][\/vc_row_inner][\/vc_column][\/vc_row]<\/p>\n<\/div>","protected":false},"excerpt":{"rendered":"","protected":false},"author":1,"featured_media":0,"parent":0,"menu_order":0,"comment_status":"closed","ping_status":"closed","template":"","meta":{"footnotes":""},"class_list":["post-17134","page","type-page","status-publish","hentry"],"yoast_head":"<!-- This site is optimized with the Yoast SEO plugin v25.6 - https:\/\/yoast.com\/wordpress\/plugins\/seo\/ -->\n<title>Sustentabilidad - Valle de Colchagua, Chile | Red del Vino<\/title>\n<meta name=\"description\" content=\"Queremos ser parte del cambio por un mundo m\u00e1s sustentable, somos peque\u00f1os productores del valle de Colchagua, deseamos mantener nuestros ecosistemas y conservar nuestra cultura local\" \/>\n<meta name=\"robots\" content=\"index, follow, max-snippet:-1, max-image-preview:large, max-video-preview:-1\" \/>\n<link rel=\"canonical\" href=\"https:\/\/www.reddelvino.com\/es\/sustentabilidad\/\" \/>\n<meta property=\"og:locale\" content=\"es_ES\" \/>\n<meta property=\"og:type\" content=\"article\" \/>\n<meta property=\"og:title\" content=\"Sustentabilidad - Valle de Colchagua, Chile | Red del Vino\" \/>\n<meta property=\"og:description\" content=\"Queremos ser parte del cambio por un mundo m\u00e1s sustentable, somos peque\u00f1os productores del valle de Colchagua, deseamos mantener nuestros ecosistemas y conservar nuestra cultura local\" \/>\n<meta property=\"og:url\" content=\"https:\/\/www.reddelvino.com\/es\/sustentabilidad\/\" \/>\n<meta property=\"og:site_name\" content=\"ReddelVino\" \/>\n<meta property=\"article:modified_time\" content=\"2023-05-10T17:39:05+00:00\" \/>\n<meta name=\"twitter:card\" content=\"summary_large_image\" \/>\n<meta name=\"twitter:label1\" content=\"Tiempo de lectura\" \/>\n\t<meta name=\"twitter:data1\" content=\"4 minutos\" \/>\n<script type=\"application\/ld+json\" class=\"yoast-schema-graph\">{\"@context\":\"https:\/\/schema.org\",\"@graph\":[{\"@type\":\"WebPage\",\"@id\":\"https:\/\/www.reddelvino.com\/es\/sustentabilidad\/\",\"url\":\"https:\/\/www.reddelvino.com\/es\/sustentabilidad\/\",\"name\":\"Sustentabilidad - Valle de Colchagua, Chile | Red del Vino\",\"isPartOf\":{\"@id\":\"https:\/\/www.reddelvino.com\/es\/#website\"},\"datePublished\":\"2021-10-24T17:31:11+00:00\",\"dateModified\":\"2023-05-10T17:39:05+00:00\",\"description\":\"Queremos ser parte del cambio por un mundo m\u00e1s sustentable, somos peque\u00f1os productores del valle de Colchagua, deseamos mantener nuestros ecosistemas y conservar nuestra cultura local\",\"breadcrumb\":{\"@id\":\"https:\/\/www.reddelvino.com\/es\/sustentabilidad\/#breadcrumb\"},\"inLanguage\":\"es\",\"potentialAction\":[{\"@type\":\"ReadAction\",\"target\":[\"https:\/\/www.reddelvino.com\/es\/sustentabilidad\/\"]}]},{\"@type\":\"BreadcrumbList\",\"@id\":\"https:\/\/www.reddelvino.com\/es\/sustentabilidad\/#breadcrumb\",\"itemListElement\":[{\"@type\":\"ListItem\",\"position\":1,\"name\":\"Home\",\"item\":\"https:\/\/www.reddelvino.com\/es\/\"},{\"@type\":\"ListItem\",\"position\":2,\"name\":\"SUSTENTABILIDAD\"}]},{\"@type\":\"WebSite\",\"@id\":\"https:\/\/www.reddelvino.com\/es\/#website\",\"url\":\"https:\/\/www.reddelvino.com\/es\/\",\"name\":\"ReddelVino\",\"description\":\"\",\"potentialAction\":[{\"@type\":\"SearchAction\",\"target\":{\"@type\":\"EntryPoint\",\"urlTemplate\":\"https:\/\/www.reddelvino.com\/es\/?s={search_term_string}\"},\"query-input\":{\"@type\":\"PropertyValueSpecification\",\"valueRequired\":true,\"valueName\":\"search_term_string\"}}],\"inLanguage\":\"es\"}]}<\/script>\n<!-- \/ Yoast SEO plugin. -->","yoast_head_json":{"title":"Sustentabilidad - Valle de Colchagua, Chile | Red del Vino","description":"Queremos ser parte del cambio por un mundo m\u00e1s sustentable, somos peque\u00f1os productores del valle de Colchagua, deseamos mantener nuestros ecosistemas y conservar nuestra cultura local","robots":{"index":"index","follow":"follow","max-snippet":"max-snippet:-1","max-image-preview":"max-image-preview:large","max-video-preview":"max-video-preview:-1"},"canonical":"https:\/\/www.reddelvino.com\/es\/sustentabilidad\/","og_locale":"es_ES","og_type":"article","og_title":"Sustentabilidad - Valle de Colchagua, Chile | Red del Vino","og_description":"Queremos ser parte del cambio por un mundo m\u00e1s sustentable, somos peque\u00f1os productores del valle de Colchagua, deseamos mantener nuestros ecosistemas y conservar nuestra cultura local","og_url":"https:\/\/www.reddelvino.com\/es\/sustentabilidad\/","og_site_name":"ReddelVino","article_modified_time":"2023-05-10T17:39:05+00:00","twitter_card":"summary_large_image","twitter_misc":{"Tiempo de lectura":"4 minutos"},"schema":{"@context":"https:\/\/schema.org","@graph":[{"@type":"WebPage","@id":"https:\/\/www.reddelvino.com\/es\/sustentabilidad\/","url":"https:\/\/www.reddelvino.com\/es\/sustentabilidad\/","name":"Sustentabilidad - Valle de Colchagua, Chile | Red del Vino","isPartOf":{"@id":"https:\/\/www.reddelvino.com\/es\/#website"},"datePublished":"2021-10-24T17:31:11+00:00","dateModified":"2023-05-10T17:39:05+00:00","description":"Queremos ser parte del cambio por un mundo m\u00e1s sustentable, somos peque\u00f1os productores del valle de Colchagua, deseamos mantener nuestros ecosistemas y conservar nuestra cultura local","breadcrumb":{"@id":"https:\/\/www.reddelvino.com\/es\/sustentabilidad\/#breadcrumb"},"inLanguage":"es","potentialAction":[{"@type":"ReadAction","target":["https:\/\/www.reddelvino.com\/es\/sustentabilidad\/"]}]},{"@type":"BreadcrumbList","@id":"https:\/\/www.reddelvino.com\/es\/sustentabilidad\/#breadcrumb","itemListElement":[{"@type":"ListItem","position":1,"name":"Home","item":"https:\/\/www.reddelvino.com\/es\/"},{"@type":"ListItem","position":2,"name":"SUSTENTABILIDAD"}]},{"@type":"WebSite","@id":"https:\/\/www.reddelvino.com\/es\/#website","url":"https:\/\/www.reddelvino.com\/es\/","name":"ReddelVino","description":"","potentialAction":[{"@type":"SearchAction","target":{"@type":"EntryPoint","urlTemplate":"https:\/\/www.reddelvino.com\/es\/?s={search_term_string}"},"query-input":{"@type":"PropertyValueSpecification","valueRequired":true,"valueName":"search_term_string"}}],"inLanguage":"es"}]}},"_links":{"self":[{"href":"https:\/\/www.reddelvino.com\/es\/wp-json\/wp\/v2\/pages\/17134","targetHints":{"allow":["GET"]}}],"collection":[{"href":"https:\/\/www.reddelvino.com\/es\/wp-json\/wp\/v2\/pages"}],"about":[{"href":"https:\/\/www.reddelvino.com\/es\/wp-json\/wp\/v2\/types\/page"}],"author":[{"embeddable":true,"href":"https:\/\/www.reddelvino.com\/es\/wp-json\/wp\/v2\/users\/1"}],"replies":[{"embeddable":true,"href":"https:\/\/www.reddelvino.com\/es\/wp-json\/wp\/v2\/comments?post=17134"}],"version-history":[{"count":22,"href":"https:\/\/www.reddelvino.com\/es\/wp-json\/wp\/v2\/pages\/17134\/revisions"}],"predecessor-version":[{"id":17313,"href":"https:\/\/www.reddelvino.com\/es\/wp-json\/wp\/v2\/pages\/17134\/revisions\/17313"}],"wp:attachment":[{"href":"https:\/\/www.reddelvino.com\/es\/wp-json\/wp\/v2\/media?parent=17134"}],"curies":[{"name":"wp","href":"https:\/\/api.w.org\/{rel}","templated":true}]}}