{"id":17329,"date":"2024-04-15T18:25:17","date_gmt":"2024-04-15T22:25:17","guid":{"rendered":"https:\/\/www.reddelvino.com\/es\/?page_id=17329"},"modified":"2024-04-15T21:15:26","modified_gmt":"2024-04-16T01:15:26","slug":"comite-de-equidad-de-genero","status":"publish","type":"page","link":"https:\/\/www.reddelvino.com\/es\/comite-de-equidad-de-genero\/","title":{"rendered":"Comit\u00e9 de Equidad de G\u00e9nero"},"content":{"rendered":"<div class=\"wpb-content-wrapper\"><p>[vc_row full_width=\u00bbstretch_row\u00bb css=\u00bb.vc_custom_1713224737576{background-color: #d39bcb !important;}\u00bb][vc_column]\r\n\t<div class=\"agrikole-spacer clearfix\" data-desktop=\"110\" data-mobi=\"60\" data-smobi=\"60\"><\/div>[vc_row_inner][vc_column_inner width=\u00bb5\/12&#8243;]<div class=\"agrikole-headings clearfix \" data-font=70 data-mfont=60 style=\"\"><div class=\"pre-heading clearfix\" style=\"font-weight:600;font-size:14px;letter-spacing:3px;\">\r\n\t\tRED DEL VINO\r\n\t<\/div><h1 class=\"heading clearfix \" style=\"color:#404a3d;line-height:60px;font-size:70px;\">\r\n\t\tComit\u00e9 de Equidad de G\u00e9nero\r\n\t<\/h1><\/div>[\/vc_column_inner][vc_column_inner width=\u00bb7\/12&#8243;]\r\n\t<div class=\"agrikole-spacer clearfix\" data-desktop=\"7\" data-mobi=\"7\" data-smobi=\"7\"><\/div><div class=\"agrikole-content-box clearfix \" data-padding=\"0 0 0 20px\" data-mobipadding=\"0 0 0 0\" data-margin=\"\" data-mobimargin=\"\" >\r\n\t\t<div class=\"inner ctb-1012173148\" style=\"\"  data-background=\"\" data-border-style=\"solid\" data-border-style-hover=\"solid\">\r\n\t\t\t[vc_column_text css=\u00bb\u00bb]<\/p>\n<div style=\"color: #404a3d;\">\n<p class=\"p1\">Somos un comit\u00e9 de equidad de g\u00e9nero constituido el 15 de febrero 2022, pertenecemos a Red del vino, compuesto por mujeres y hombres comprometido\/as con la concientizaci\u00f3n de la equidad de genero y el rol de la mujer en la sociedad, buscamos siempre oportunidades de crecimiento y aprendizaje para nuestro\/as integrantes en base a nuestros objetivos fundamentales; EMPODERAR, VISIBILIZAR, EDUCAR Y CONCIENTIZAR.<\/p>\n<\/div>\n<p>[\/vc_column_text]\r\n\t\t<\/div>\r\n\t<\/div>[\/vc_column_inner][\/vc_row_inner]\r\n\t<div class=\"agrikole-spacer clearfix\" data-desktop=\"110\" data-mobi=\"60\" data-smobi=\"60\"><\/div>[\/vc_column][\/vc_row][vc_row full_width=\u00bbstretch_row\u00bb][vc_column]\r\n\t<div class=\"agrikole-spacer clearfix\" data-desktop=\"112\" data-mobi=\"60\" data-smobi=\"60\"><\/div><div class=\"agrikole-grid-box clearfix grid3 border-dark v-30 h-15\" data-grid=\"3\" >\r\n\t\t<div class=\"agrikole-image-box clearfix style-1 text-center\" style=\"\" >\r\n        <div class=\"item\">\r\n            <div class=\"inner\">\r\n                <div class=\"thumb\" style=\"border-radius:105px; overflow:hidden;width:210px;margin: 0 auto;\"> <img decoding=\"async\" width=\"500\" height=\"500\" src=\"https:\/\/www.reddelvino.com\/es\/wp-content\/uploads\/2024\/04\/Foto-01-500x500-1.jpg\" class=\"attachment-full size-full\" alt=\"\" srcset=\"https:\/\/www.reddelvino.com\/es\/wp-content\/uploads\/2024\/04\/Foto-01-500x500-1.jpg 500w, https:\/\/www.reddelvino.com\/es\/wp-content\/uploads\/2024\/04\/Foto-01-500x500-1-300x300.jpg 300w, https:\/\/www.reddelvino.com\/es\/wp-content\/uploads\/2024\/04\/Foto-01-500x500-1-150x150.jpg 150w, https:\/\/www.reddelvino.com\/es\/wp-content\/uploads\/2024\/04\/Foto-01-500x500-1-370x370.jpg 370w, https:\/\/www.reddelvino.com\/es\/wp-content\/uploads\/2024\/04\/Foto-01-500x500-1-140x140.jpg 140w, https:\/\/www.reddelvino.com\/es\/wp-content\/uploads\/2024\/04\/Foto-01-500x500-1-100x100.jpg 100w\" sizes=\"(max-width: 500px) 100vw, 500px\" \/><\/div>\r\n                <div class=\"text-wrap \" style=\"\">\r\n                    <h3 class=\"title\" style=\"font-weight:700;font-size:30px;line-height:34px;margin-top:26px;\">\r\n        Presidenta: Barbar\u00e1 Moreno\r\n    <\/h3>  \r\n                <\/div>\r\n            <\/div>\r\n        <\/div>\r\n    <\/div><div class=\"agrikole-image-box clearfix style-1 text-center\" style=\"\" >\r\n        <div class=\"item\">\r\n            <div class=\"inner\">\r\n                <div class=\"thumb\" style=\"border-radius:105px; overflow:hidden;width:210px;margin: 0 auto;\"> <img decoding=\"async\" width=\"500\" height=\"500\" src=\"https:\/\/www.reddelvino.com\/es\/wp-content\/uploads\/2024\/04\/Foto-02-500x500-1.jpg\" class=\"attachment-full size-full\" alt=\"\" srcset=\"https:\/\/www.reddelvino.com\/es\/wp-content\/uploads\/2024\/04\/Foto-02-500x500-1.jpg 500w, https:\/\/www.reddelvino.com\/es\/wp-content\/uploads\/2024\/04\/Foto-02-500x500-1-300x300.jpg 300w, https:\/\/www.reddelvino.com\/es\/wp-content\/uploads\/2024\/04\/Foto-02-500x500-1-150x150.jpg 150w, https:\/\/www.reddelvino.com\/es\/wp-content\/uploads\/2024\/04\/Foto-02-500x500-1-370x370.jpg 370w, https:\/\/www.reddelvino.com\/es\/wp-content\/uploads\/2024\/04\/Foto-02-500x500-1-140x140.jpg 140w, https:\/\/www.reddelvino.com\/es\/wp-content\/uploads\/2024\/04\/Foto-02-500x500-1-100x100.jpg 100w\" sizes=\"(max-width: 500px) 100vw, 500px\" \/><\/div>\r\n                <div class=\"text-wrap \" style=\"\">\r\n                    <h3 class=\"title\" style=\"font-weight:700;font-size:30px;line-height:34px;margin-top:26px;\">\r\n        Tesorera: Liliana Becerra\r\n    <\/h3>  \r\n                <\/div>\r\n            <\/div>\r\n        <\/div>\r\n    <\/div><div class=\"agrikole-image-box clearfix style-1 text-center\" style=\"\" >\r\n        <div class=\"item\">\r\n            <div class=\"inner\">\r\n                <div class=\"thumb\" style=\"border-radius:105px; overflow:hidden;width:210px;margin: 0 auto;\"> <img decoding=\"async\" width=\"500\" height=\"500\" src=\"https:\/\/www.reddelvino.com\/es\/wp-content\/uploads\/2024\/04\/Foto-03-500x500-1.jpg\" class=\"attachment-full size-full\" alt=\"\" srcset=\"https:\/\/www.reddelvino.com\/es\/wp-content\/uploads\/2024\/04\/Foto-03-500x500-1.jpg 500w, https:\/\/www.reddelvino.com\/es\/wp-content\/uploads\/2024\/04\/Foto-03-500x500-1-300x300.jpg 300w, https:\/\/www.reddelvino.com\/es\/wp-content\/uploads\/2024\/04\/Foto-03-500x500-1-150x150.jpg 150w, https:\/\/www.reddelvino.com\/es\/wp-content\/uploads\/2024\/04\/Foto-03-500x500-1-370x370.jpg 370w, https:\/\/www.reddelvino.com\/es\/wp-content\/uploads\/2024\/04\/Foto-03-500x500-1-140x140.jpg 140w, https:\/\/www.reddelvino.com\/es\/wp-content\/uploads\/2024\/04\/Foto-03-500x500-1-100x100.jpg 100w\" sizes=\"(max-width: 500px) 100vw, 500px\" \/><\/div>\r\n                <div class=\"text-wrap \" style=\"\">\r\n                    <h3 class=\"title\" style=\"font-weight:700;font-size:30px;line-height:34px;margin-top:26px;\">\r\n        Secretaria: Daniela Castro\r\n    <\/h3>  \r\n                <\/div>\r\n            <\/div>\r\n        <\/div>\r\n    <\/div>\n\r\n\t<\/div>\r\n\t<div class=\"agrikole-spacer clearfix\" data-desktop=\"80\" data-mobi=\"30\" data-smobi=\"30\"><\/div><div class=\"agrikole-divider divider-center divider-solid\" style=\"border-top-color:#f5f0e9;\"><\/div><div class=\"clearfix\"><\/div>\r\n\t<div class=\"agrikole-spacer clearfix\" data-desktop=\"80\" data-mobi=\"30\" data-smobi=\"30\"><\/div><div class=\"agrikole-grid-box clearfix grid2 border-light v-30 h-15 no-border-wrap\" data-grid=\"2\" >\r\n\t\t<div class=\"agrikole-image-box clearfix style-1 text-center\" style=\"\" >\r\n        <div class=\"item\">\r\n            <div class=\"inner\">\r\n                <div class=\"thumb\" style=\"border-radius:105px; overflow:hidden;width:210px;margin: 0 auto;\"> <img decoding=\"async\" width=\"371\" height=\"371\" src=\"https:\/\/www.reddelvino.com\/es\/wp-content\/uploads\/2024\/04\/Foto-04-371.jpg\" class=\"attachment-full size-full\" alt=\"\" srcset=\"https:\/\/www.reddelvino.com\/es\/wp-content\/uploads\/2024\/04\/Foto-04-371.jpg 371w, https:\/\/www.reddelvino.com\/es\/wp-content\/uploads\/2024\/04\/Foto-04-371-300x300.jpg 300w, https:\/\/www.reddelvino.com\/es\/wp-content\/uploads\/2024\/04\/Foto-04-371-150x150.jpg 150w, https:\/\/www.reddelvino.com\/es\/wp-content\/uploads\/2024\/04\/Foto-04-371-140x140.jpg 140w, https:\/\/www.reddelvino.com\/es\/wp-content\/uploads\/2024\/04\/Foto-04-371-100x100.jpg 100w\" sizes=\"(max-width: 371px) 100vw, 371px\" \/><\/div>\r\n                <div class=\"text-wrap \" style=\"\">\r\n                    <h3 class=\"title\" style=\"font-weight:700;font-size:30px;line-height:34px;margin-top:26px;\">\r\n        ELABORACI\u00d3N DE VINOS LIDERADOS POR MUJERES\r\n    <\/h3> <div class=\"desc\" style=\"\"><p class=\"p1\">Queremos fomentar el desarrollo en las mujeres campesinas de Colchagua, impulsando vinos con identidad femenina, reflejando el trabajo que la mujer ha aportado al desarrollo de los vinos campesinos durante todos estos a\u00f1os.<\/p>\n<\/div> \r\n                <\/div>\r\n            <\/div>\r\n        <\/div>\r\n    <\/div><div class=\"agrikole-image-box clearfix style-1 text-center\" style=\"\" >\r\n        <div class=\"item\">\r\n            <div class=\"inner\">\r\n                <div class=\"thumb\" style=\"border-radius:105px; overflow:hidden;width:210px;margin: 0 auto;\"> <img decoding=\"async\" width=\"371\" height=\"371\" src=\"https:\/\/www.reddelvino.com\/es\/wp-content\/uploads\/2024\/04\/Foto-05-371.jpg\" class=\"attachment-full size-full\" alt=\"\" srcset=\"https:\/\/www.reddelvino.com\/es\/wp-content\/uploads\/2024\/04\/Foto-05-371.jpg 371w, https:\/\/www.reddelvino.com\/es\/wp-content\/uploads\/2024\/04\/Foto-05-371-300x300.jpg 300w, https:\/\/www.reddelvino.com\/es\/wp-content\/uploads\/2024\/04\/Foto-05-371-150x150.jpg 150w, https:\/\/www.reddelvino.com\/es\/wp-content\/uploads\/2024\/04\/Foto-05-371-140x140.jpg 140w, https:\/\/www.reddelvino.com\/es\/wp-content\/uploads\/2024\/04\/Foto-05-371-100x100.jpg 100w\" sizes=\"(max-width: 371px) 100vw, 371px\" \/><\/div>\r\n                <div class=\"text-wrap \" style=\"\">\r\n                    <h3 class=\"title\" style=\"font-weight:700;font-size:30px;line-height:34px;margin-top:26px;\">\r\n        FORMACI\u00d3N ENOLOGIA Y CATAS DE VINO PARA MUJERES\r\n    <\/h3> <div class=\"desc\" style=\"\"><p class=\"p1\">Constantemente estamos realizando catas de vino a nuestra\/os integrantes para que puedan ampliar su conocimiento enol\u00f3gico y habilidades de presentaci\u00f3n de los diferentes vinos de nuestros socios.<\/p>\n<\/div> \r\n                <\/div>\r\n            <\/div>\r\n        <\/div>\r\n    <\/div>\n\r\n\t<\/div>\r\n\t<div class=\"agrikole-spacer clearfix\" data-desktop=\"80\" data-mobi=\"30\" data-smobi=\"30\"><\/div><div class=\"agrikole-divider divider-center divider-solid\" style=\"border-top-color:#f5f0e9;\"><\/div><div class=\"clearfix\"><\/div>\r\n\t<div class=\"agrikole-spacer clearfix\" data-desktop=\"80\" data-mobi=\"30\" data-smobi=\"30\"><\/div><div class=\"agrikole-grid-box clearfix grid2 border-light v-30 h-15 no-border-wrap\" data-grid=\"2\" >\r\n\t\t<div class=\"agrikole-image-box clearfix style-1 text-center\" style=\"\" >\r\n        <div class=\"item\">\r\n            <div class=\"inner\">\r\n                <div class=\"thumb\" style=\"border-radius:105px; overflow:hidden;width:210px;margin: 0 auto;\"> <img decoding=\"async\" width=\"371\" height=\"371\" src=\"https:\/\/www.reddelvino.com\/es\/wp-content\/uploads\/2024\/04\/Foto-06-371.jpg\" class=\"attachment-full size-full\" alt=\"\" srcset=\"https:\/\/www.reddelvino.com\/es\/wp-content\/uploads\/2024\/04\/Foto-06-371.jpg 371w, https:\/\/www.reddelvino.com\/es\/wp-content\/uploads\/2024\/04\/Foto-06-371-300x300.jpg 300w, https:\/\/www.reddelvino.com\/es\/wp-content\/uploads\/2024\/04\/Foto-06-371-150x150.jpg 150w, https:\/\/www.reddelvino.com\/es\/wp-content\/uploads\/2024\/04\/Foto-06-371-140x140.jpg 140w, https:\/\/www.reddelvino.com\/es\/wp-content\/uploads\/2024\/04\/Foto-06-371-100x100.jpg 100w\" sizes=\"(max-width: 371px) 100vw, 371px\" \/><\/div>\r\n                <div class=\"text-wrap \" style=\"\">\r\n                    <h3 class=\"title\" style=\"font-weight:700;font-size:30px;line-height:34px;margin-top:26px;\">\r\n        PARTICIPACI\u00d3N DE MUJERES EN FERIAS, EVENTOS Y VENDIMIA\r\n    <\/h3> <div class=\"desc\" style=\"\"><p class=\"p1\">Para nosotros es importante visibilizar lo que hacemos y el cambio que queremos en la sociedad, por eso en las Ferias, Eventos y Vendimias, nos propusimos hacer algo diferente un stand atendido por mujeres representantes de las 4 vi\u00f1as lideradas por mujeres, dando \u00e9nfasis en las mujeres vi\u00f1ateras y sus proyectos, esta iniciativa la hemos replicado en gran cantidad de eventos a los que somos convocados como organizaci\u00f3n porque esto es lo que queremos porque esto es lo que queremos en un futuro, \u201cQue las mujeres se sientan orgullosas y se reconozcan sus logros\u201d<\/p>\n<\/div> \r\n                <\/div>\r\n            <\/div>\r\n        <\/div>\r\n    <\/div><div class=\"agrikole-image-box clearfix style-1 text-center\" style=\"\" >\r\n        <div class=\"item\">\r\n            <div class=\"inner\">\r\n                <div class=\"thumb\" style=\"border-radius:105px; overflow:hidden;width:210px;margin: 0 auto;\"> <img decoding=\"async\" width=\"371\" height=\"371\" src=\"https:\/\/www.reddelvino.com\/es\/wp-content\/uploads\/2024\/04\/Foto-07-371.jpg\" class=\"attachment-full size-full\" alt=\"\" srcset=\"https:\/\/www.reddelvino.com\/es\/wp-content\/uploads\/2024\/04\/Foto-07-371.jpg 371w, https:\/\/www.reddelvino.com\/es\/wp-content\/uploads\/2024\/04\/Foto-07-371-300x300.jpg 300w, https:\/\/www.reddelvino.com\/es\/wp-content\/uploads\/2024\/04\/Foto-07-371-150x150.jpg 150w, https:\/\/www.reddelvino.com\/es\/wp-content\/uploads\/2024\/04\/Foto-07-371-140x140.jpg 140w, https:\/\/www.reddelvino.com\/es\/wp-content\/uploads\/2024\/04\/Foto-07-371-100x100.jpg 100w\" sizes=\"(max-width: 371px) 100vw, 371px\" \/><\/div>\r\n                <div class=\"text-wrap \" style=\"\">\r\n                    <h3 class=\"title\" style=\"font-weight:700;font-size:30px;line-height:34px;margin-top:26px;\">\r\n        CAMARADERIA Y ACTIVIDADES DE INTEGRACI\u00d3N\r\n    <\/h3> <div class=\"desc\" style=\"\"><p class=\"p1\">Realizamos actividades de integraci\u00f3n para generar nuevas relaciones de confianza entre nuestras integrantes a trav\u00e9s de convivencias, como actividades de esparcimiento en el bosque de @vino.don.dago buscaba reunir a nuestras integrantes y que ellas se conocieran entre s\u00ed, por medio de un \u201ccirculo de mujeres\u201d en donde Marite de @ayniluzrefugio gu\u00edo una actividad de medicina energ\u00e9tica en donde conectamos con nuestros sentimientos y pensamiento, compartimos una grata experiencia que nos ayudaros a conocernos y conectar m\u00e1s como comit\u00e9.<\/p>\n<\/div> \r\n                <\/div>\r\n            <\/div>\r\n        <\/div>\r\n    <\/div>\n\r\n\t<\/div>\r\n\t<div class=\"agrikole-spacer clearfix\" data-desktop=\"80\" data-mobi=\"30\" data-smobi=\"30\"><\/div><div class=\"agrikole-divider divider-center divider-solid\" style=\"border-top-color:#f5f0e9;\"><\/div><div class=\"clearfix\"><\/div>\r\n\t<div class=\"agrikole-spacer clearfix\" data-desktop=\"80\" data-mobi=\"30\" data-smobi=\"30\"><\/div><div class=\"agrikole-grid-box clearfix grid2 border-light v-30 h-15 no-border-wrap\" data-grid=\"2\" >\r\n\t\t<div class=\"agrikole-image-box clearfix style-1 text-center\" style=\"\" >\r\n        <div class=\"item\">\r\n            <div class=\"inner\">\r\n                <div class=\"thumb\" style=\"border-radius:105px; overflow:hidden;width:210px;margin: 0 auto;\"> <img decoding=\"async\" width=\"371\" height=\"371\" src=\"https:\/\/www.reddelvino.com\/es\/wp-content\/uploads\/2024\/04\/Foto-08-371.jpg\" class=\"attachment-full size-full\" alt=\"\" srcset=\"https:\/\/www.reddelvino.com\/es\/wp-content\/uploads\/2024\/04\/Foto-08-371.jpg 371w, https:\/\/www.reddelvino.com\/es\/wp-content\/uploads\/2024\/04\/Foto-08-371-300x300.jpg 300w, https:\/\/www.reddelvino.com\/es\/wp-content\/uploads\/2024\/04\/Foto-08-371-150x150.jpg 150w, https:\/\/www.reddelvino.com\/es\/wp-content\/uploads\/2024\/04\/Foto-08-371-140x140.jpg 140w, https:\/\/www.reddelvino.com\/es\/wp-content\/uploads\/2024\/04\/Foto-08-371-100x100.jpg 100w\" sizes=\"(max-width: 371px) 100vw, 371px\" \/><\/div>\r\n                <div class=\"text-wrap \" style=\"\">\r\n                    <h3 class=\"title\" style=\"font-weight:700;font-size:30px;line-height:34px;margin-top:26px;\">\r\n        ASISTENCIA A SEMINARIOS Y CAPACITACIONES\r\n    <\/h3> <div class=\"desc\" style=\"\"><p class=\"p1\">La educaci\u00f3n es fundamental para poder desarrollar mas capacidades que nos permitan desenvolvernos en nuestro entorno, por esto enfatizamos en temas como, emprendimiento, sustentabilidad, equidad de g\u00e9nero.<\/p>\n<\/div> \r\n                <\/div>\r\n            <\/div>\r\n        <\/div>\r\n    <\/div><div class=\"agrikole-image-box clearfix style-1 text-center\" style=\"\" >\r\n        <div class=\"item\">\r\n            <div class=\"inner\">\r\n                <div class=\"thumb\" style=\"border-radius:105px; overflow:hidden;width:210px;margin: 0 auto;\"> <img decoding=\"async\" width=\"371\" height=\"371\" src=\"https:\/\/www.reddelvino.com\/es\/wp-content\/uploads\/2024\/04\/Foto-09-371.jpg\" class=\"attachment-full size-full\" alt=\"\" srcset=\"https:\/\/www.reddelvino.com\/es\/wp-content\/uploads\/2024\/04\/Foto-09-371.jpg 371w, https:\/\/www.reddelvino.com\/es\/wp-content\/uploads\/2024\/04\/Foto-09-371-300x300.jpg 300w, https:\/\/www.reddelvino.com\/es\/wp-content\/uploads\/2024\/04\/Foto-09-371-150x150.jpg 150w, https:\/\/www.reddelvino.com\/es\/wp-content\/uploads\/2024\/04\/Foto-09-371-140x140.jpg 140w, https:\/\/www.reddelvino.com\/es\/wp-content\/uploads\/2024\/04\/Foto-09-371-100x100.jpg 100w\" sizes=\"(max-width: 371px) 100vw, 371px\" \/><\/div>\r\n                <div class=\"text-wrap \" style=\"\">\r\n                    <h3 class=\"title\" style=\"font-weight:700;font-size:30px;line-height:34px;margin-top:26px;\">\r\n        SEMINARIO DE EQUIDAD DE GENERO COLCHAGUA\r\n    <\/h3> <div class=\"desc\" style=\"\"><p class=\"p1\">Contamos con una expositora de Colombia quien abordo una \u201csensibilizaci\u00f3n sobre la equidad de g\u00e9nero\u201d y adem\u00e1s fortalecimiento para nuestro comit\u00e9, lo que nos permite transmitir a Colchagua nuestros objetivos y conocimientos, contando con una gran asistencia y satisfacci\u00f3n de la\/os asistentes al evento.<\/p>\n<\/div> \r\n                <\/div>\r\n            <\/div>\r\n        <\/div>\r\n    <\/div>\n\r\n\t<\/div>\r\n\t<div class=\"agrikole-spacer clearfix\" data-desktop=\"80\" data-mobi=\"30\" data-smobi=\"30\"><\/div><div class=\"agrikole-divider divider-center divider-solid\" style=\"border-top-color:#f5f0e9;\"><\/div><div class=\"clearfix\"><\/div>\r\n\t<div class=\"agrikole-spacer clearfix\" data-desktop=\"80\" data-mobi=\"30\" data-smobi=\"30\"><\/div><div class=\"agrikole-grid-box clearfix grid2 border-light v-30 h-15 no-border-wrap\" data-grid=\"2\" >\r\n\t\t<div class=\"agrikole-image-box clearfix style-1 text-center\" style=\"\" >\r\n        <div class=\"item\">\r\n            <div class=\"inner\">\r\n                <div class=\"thumb\" style=\"border-radius:105px; overflow:hidden;width:210px;margin: 0 auto;\"> <img decoding=\"async\" width=\"371\" height=\"371\" src=\"https:\/\/www.reddelvino.com\/es\/wp-content\/uploads\/2024\/04\/Foto-10-371.jpg\" class=\"attachment-full size-full\" alt=\"\" srcset=\"https:\/\/www.reddelvino.com\/es\/wp-content\/uploads\/2024\/04\/Foto-10-371.jpg 371w, https:\/\/www.reddelvino.com\/es\/wp-content\/uploads\/2024\/04\/Foto-10-371-300x300.jpg 300w, https:\/\/www.reddelvino.com\/es\/wp-content\/uploads\/2024\/04\/Foto-10-371-150x150.jpg 150w, https:\/\/www.reddelvino.com\/es\/wp-content\/uploads\/2024\/04\/Foto-10-371-140x140.jpg 140w, https:\/\/www.reddelvino.com\/es\/wp-content\/uploads\/2024\/04\/Foto-10-371-100x100.jpg 100w\" sizes=\"(max-width: 371px) 100vw, 371px\" \/><\/div>\r\n                <div class=\"text-wrap \" style=\"\">\r\n                    <h3 class=\"title\" style=\"font-weight:700;font-size:30px;line-height:34px;margin-top:26px;\">\r\n        ASISTENCIA SOCIAL A SOCIOS ADULTOS MAYORES\r\n    <\/h3> <div class=\"desc\" style=\"\"><p class=\"p1\">Visitar a los socios de Red del vino nos permite generar lazos con ellos buscando transmitirles nuestros valores y objetivos como comit\u00e9 y adem\u00e1s aprendemos mucho de ellos y nos dan la oportunidad de conocer sus necesidades para poder generar redes de apoyo a ellos.<\/p>\n<\/div> \r\n                <\/div>\r\n            <\/div>\r\n        <\/div>\r\n    <\/div>\n\r\n\t<\/div>\r\n\t<div class=\"agrikole-spacer clearfix\" data-desktop=\"120\" data-mobi=\"60\" data-smobi=\"60\"><\/div>[\/vc_column][\/vc_row][vc_row full_width=\u00bbstretch_row\u00bb css=\u00bb.vc_custom_1602272332044{background-image: url(https:\/\/www.reddelvino.com\/en\/wp-content\/uploads\/2020\/10\/footer-shop-section.jpg?id=15081) !important;background-position: center !important;background-repeat: no-repeat !important;background-size: cover !important;}\u00bb][vc_column]\r\n\t<div class=\"agrikole-spacer clearfix\" data-desktop=\"107\" data-mobi=\"60\" data-smobi=\"60\"><\/div><div class=\"agrikole-headings clearfix text-center\" data-font=50 data-mfont=30 style=\"\"><h2 class=\"heading clearfix \" style=\"color:#ffffff;max-width:860px;margin-left: auto; margin-right: auto;line-height:62px;margin-bottom:18px;font-size:50px;\">\r\n\t\tAPOYAR EL COMERCIO JUSTO Y LOS PRODUCTORES LOCALES\r\n\t<\/h2><div class=\"sub-heading clearfix\">\r\n\t\t<h5><span style=\"color: #ffffff;\">VISITA NUESTRA TIENDA DE VINOS EN SANTA CRUZ CHILE<\/span><\/h5>\n\r\n\t<\/div><\/div>\r\n\t<div class=\"agrikole-spacer clearfix\" data-desktop=\"50\" data-mobi=\"40\" data-smobi=\"40\"><\/div><div class=\"agrikole-align-box  mobi-align-center align-center\"><div class=\"button-wrap icon-right\" style=\"\" ><a href=\"https:\/\/www.google.com\/maps\/place\/Red+Del+Vino\/@-34.6321819,-71.3587514,17.79z\/data=!4m5!3m4!1s0x96646535527b4b79:0xa62645e95a50234c!8m2!3d-34.6324173!4d-71.3579788\" target=\"_blank\" class=\"agrikole-button btn-377897745 medium no_icon accent custom\" style=\"border-radius:5px;\"  data-text=\"#404a3d\" data-text-hover=\"#404a3d\" data-background-hover=\"#ffffff\">\r\n\t\t<span style=\"\">Direcciones <\/span>\r\n\t<\/a><\/div><\/div>\r\n\t<div class=\"agrikole-spacer clearfix\" data-desktop=\"120\" data-mobi=\"60\" data-smobi=\"60\"><\/div>[\/vc_column][\/vc_row]<\/p>\n<\/div>","protected":false},"excerpt":{"rendered":"","protected":false},"author":1,"featured_media":0,"parent":0,"menu_order":0,"comment_status":"closed","ping_status":"closed","template":"","meta":{"footnotes":""},"class_list":["post-17329","page","type-page","status-publish","hentry"],"yoast_head":"<!-- This site is optimized with the Yoast SEO plugin v25.6 - https:\/\/yoast.com\/wordpress\/plugins\/seo\/ -->\n<title>Comit\u00e9 de Equidad de G\u00e9nero - ReddelVino<\/title>\n<meta name=\"robots\" content=\"index, follow, max-snippet:-1, max-image-preview:large, max-video-preview:-1\" \/>\n<link rel=\"canonical\" href=\"https:\/\/www.reddelvino.com\/es\/comite-de-equidad-de-genero\/\" \/>\n<meta property=\"og:locale\" content=\"es_ES\" \/>\n<meta property=\"og:type\" content=\"article\" \/>\n<meta property=\"og:title\" content=\"Comit\u00e9 de Equidad de G\u00e9nero - ReddelVino\" \/>\n<meta property=\"og:url\" content=\"https:\/\/www.reddelvino.com\/es\/comite-de-equidad-de-genero\/\" \/>\n<meta property=\"og:site_name\" content=\"ReddelVino\" \/>\n<meta property=\"article:modified_time\" content=\"2024-04-16T01:15:26+00:00\" \/>\n<meta name=\"twitter:card\" content=\"summary_large_image\" \/>\n<meta name=\"twitter:label1\" content=\"Tiempo de lectura\" \/>\n\t<meta name=\"twitter:data1\" content=\"4 minutos\" \/>\n<script type=\"application\/ld+json\" class=\"yoast-schema-graph\">{\"@context\":\"https:\/\/schema.org\",\"@graph\":[{\"@type\":\"WebPage\",\"@id\":\"https:\/\/www.reddelvino.com\/es\/comite-de-equidad-de-genero\/\",\"url\":\"https:\/\/www.reddelvino.com\/es\/comite-de-equidad-de-genero\/\",\"name\":\"Comit\u00e9 de Equidad de G\u00e9nero - ReddelVino\",\"isPartOf\":{\"@id\":\"https:\/\/www.reddelvino.com\/es\/#website\"},\"datePublished\":\"2024-04-15T22:25:17+00:00\",\"dateModified\":\"2024-04-16T01:15:26+00:00\",\"breadcrumb\":{\"@id\":\"https:\/\/www.reddelvino.com\/es\/comite-de-equidad-de-genero\/#breadcrumb\"},\"inLanguage\":\"es\",\"potentialAction\":[{\"@type\":\"ReadAction\",\"target\":[\"https:\/\/www.reddelvino.com\/es\/comite-de-equidad-de-genero\/\"]}]},{\"@type\":\"BreadcrumbList\",\"@id\":\"https:\/\/www.reddelvino.com\/es\/comite-de-equidad-de-genero\/#breadcrumb\",\"itemListElement\":[{\"@type\":\"ListItem\",\"position\":1,\"name\":\"Home\",\"item\":\"https:\/\/www.reddelvino.com\/es\/\"},{\"@type\":\"ListItem\",\"position\":2,\"name\":\"Comit\u00e9 de Equidad de G\u00e9nero\"}]},{\"@type\":\"WebSite\",\"@id\":\"https:\/\/www.reddelvino.com\/es\/#website\",\"url\":\"https:\/\/www.reddelvino.com\/es\/\",\"name\":\"ReddelVino\",\"description\":\"\",\"potentialAction\":[{\"@type\":\"SearchAction\",\"target\":{\"@type\":\"EntryPoint\",\"urlTemplate\":\"https:\/\/www.reddelvino.com\/es\/?s={search_term_string}\"},\"query-input\":{\"@type\":\"PropertyValueSpecification\",\"valueRequired\":true,\"valueName\":\"search_term_string\"}}],\"inLanguage\":\"es\"}]}<\/script>\n<!-- \/ Yoast SEO plugin. -->","yoast_head_json":{"title":"Comit\u00e9 de Equidad de G\u00e9nero - ReddelVino","robots":{"index":"index","follow":"follow","max-snippet":"max-snippet:-1","max-image-preview":"max-image-preview:large","max-video-preview":"max-video-preview:-1"},"canonical":"https:\/\/www.reddelvino.com\/es\/comite-de-equidad-de-genero\/","og_locale":"es_ES","og_type":"article","og_title":"Comit\u00e9 de Equidad de G\u00e9nero - ReddelVino","og_url":"https:\/\/www.reddelvino.com\/es\/comite-de-equidad-de-genero\/","og_site_name":"ReddelVino","article_modified_time":"2024-04-16T01:15:26+00:00","twitter_card":"summary_large_image","twitter_misc":{"Tiempo de lectura":"4 minutos"},"schema":{"@context":"https:\/\/schema.org","@graph":[{"@type":"WebPage","@id":"https:\/\/www.reddelvino.com\/es\/comite-de-equidad-de-genero\/","url":"https:\/\/www.reddelvino.com\/es\/comite-de-equidad-de-genero\/","name":"Comit\u00e9 de Equidad de G\u00e9nero - ReddelVino","isPartOf":{"@id":"https:\/\/www.reddelvino.com\/es\/#website"},"datePublished":"2024-04-15T22:25:17+00:00","dateModified":"2024-04-16T01:15:26+00:00","breadcrumb":{"@id":"https:\/\/www.reddelvino.com\/es\/comite-de-equidad-de-genero\/#breadcrumb"},"inLanguage":"es","potentialAction":[{"@type":"ReadAction","target":["https:\/\/www.reddelvino.com\/es\/comite-de-equidad-de-genero\/"]}]},{"@type":"BreadcrumbList","@id":"https:\/\/www.reddelvino.com\/es\/comite-de-equidad-de-genero\/#breadcrumb","itemListElement":[{"@type":"ListItem","position":1,"name":"Home","item":"https:\/\/www.reddelvino.com\/es\/"},{"@type":"ListItem","position":2,"name":"Comit\u00e9 de Equidad de G\u00e9nero"}]},{"@type":"WebSite","@id":"https:\/\/www.reddelvino.com\/es\/#website","url":"https:\/\/www.reddelvino.com\/es\/","name":"ReddelVino","description":"","potentialAction":[{"@type":"SearchAction","target":{"@type":"EntryPoint","urlTemplate":"https:\/\/www.reddelvino.com\/es\/?s={search_term_string}"},"query-input":{"@type":"PropertyValueSpecification","valueRequired":true,"valueName":"search_term_string"}}],"inLanguage":"es"}]}},"_links":{"self":[{"href":"https:\/\/www.reddelvino.com\/es\/wp-json\/wp\/v2\/pages\/17329","targetHints":{"allow":["GET"]}}],"collection":[{"href":"https:\/\/www.reddelvino.com\/es\/wp-json\/wp\/v2\/pages"}],"about":[{"href":"https:\/\/www.reddelvino.com\/es\/wp-json\/wp\/v2\/types\/page"}],"author":[{"embeddable":true,"href":"https:\/\/www.reddelvino.com\/es\/wp-json\/wp\/v2\/users\/1"}],"replies":[{"embeddable":true,"href":"https:\/\/www.reddelvino.com\/es\/wp-json\/wp\/v2\/comments?post=17329"}],"version-history":[{"count":58,"href":"https:\/\/www.reddelvino.com\/es\/wp-json\/wp\/v2\/pages\/17329\/revisions"}],"predecessor-version":[{"id":17403,"href":"https:\/\/www.reddelvino.com\/es\/wp-json\/wp\/v2\/pages\/17329\/revisions\/17403"}],"wp:attachment":[{"href":"https:\/\/www.reddelvino.com\/es\/wp-json\/wp\/v2\/media?parent=17329"}],"curies":[{"name":"wp","href":"https:\/\/api.w.org\/{rel}","templated":true}]}}